{"id":13306,"date":"2021-11-15T09:53:56","date_gmt":"2021-11-15T08:53:56","guid":{"rendered":"https:\/\/www.fresopolis-mallorca.com\/kalender\/"},"modified":"2023-07-05T11:52:08","modified_gmt":"2023-07-05T09:52:08","slug":"kalender","status":"publish","type":"page","link":"https:\/\/www.fresopolis-mallorca.com\/de\/kalender\/","title":{"rendered":"Kalender"},"content":{"rendered":"<section class=\"l-section wpb_row us_custom_6df4bc3a has_text_color height_auto with_img\"><div class=\"l-section-img\" role=\"img\" aria-label=\"Event Calendar\" data-img-width=\"1920\" data-img-height=\"1212\" style=\"background-image: url(https:\/\/www.fresopolis-mallorca.com\/wp-content\/uploads\/2021\/11\/Event-Calendar.jpg);background-repeat: no-repeat;\"><\/div><div class=\"l-section-h i-cf\"><div class=\"g-cols vc_row via_flex valign_middle type_default stacking_default\"><div class=\"vc_col-sm-12 wpb_column vc_column_container\"><div class=\"vc_column-inner us_custom_d2f0d7c7\"><div class=\"wpb_wrapper\">[vc_custom_heading text=&#8221;Fresopolis Workshops &amp; Veranstaltungen Mallorca&#8221; font_container=&#8221;tag:h1|text_align:center|color:%23ffffff&#8221; use_theme_fonts=&#8221;yes&#8221; css=&#8221;%7B%22default%22%3A%7B%22text-align%22%3A%22center%22%2C%22font-size%22%3A%222.4rem%22%7D%2C%22tablets%22%3A%7B%22text-align%22%3A%22left%22%2C%22font-size%22%3A%222.4rem%22%7D%2C%22mobiles%22%3A%7B%22text-align%22%3A%22center%22%2C%22font-size%22%3A%222.4rem%22%7D%7D&#8221;]<\/div><\/div><\/div><\/div><\/div><\/section><section class=\"l-section wpb_row height_medium\"><div class=\"l-section-h i-cf\"><div class=\"g-cols vc_row via_flex valign_top type_default stacking_default\"><div class=\"vc_col-sm-12 wpb_column vc_column_container\"><div class=\"vc_column-inner\"><div class=\"wpb_wrapper\">[vc_custom_heading text=&#8221;Samstags &amp; sonntags: Gef\u00fchrte Rundg\u00e4nge durch unsere Tierfarm. Mittwochs bis freitags: auf Anfrage.&#8221; font_container=&#8221;tag:p|font_size:1.6rem|text_align:center|color:%23ee2b53&#8243; use_theme_fonts=&#8221;yes&#8221; css=&#8221;%7B%22default%22%3A%7B%22color%22%3A%22%23ee2b53%22%2C%22text-align%22%3A%22center%22%2C%22font-size%22%3A%221.4rem%22%2C%22font-family%22%3A%22h1%22%2C%22font-weight%22%3A%22700%22%7D%7D&#8221;]<div class=\"w-separator size_medium\"><\/div><div class=\"wpb_text_column\"><div class=\"wpb_wrapper\"><script src=\"https:\/\/fareharbor.com\/embeds\/script\/calendar\/fresopolis-mallorca\/?fallback=simple&language=de&flow=989676\"><\/script>\n<\/div><\/div><\/div><\/div><\/div><\/div><\/div><\/section><section class=\"l-section wpb_row us_custom_56f13ab0 height_medium\"><div class=\"l-section-h i-cf\"><div class=\"g-cols vc_row via_flex valign_top type_default stacking_default\"><div class=\"vc_col-sm-12 wpb_column vc_column_container\"><div class=\"vc_column-inner\"><div class=\"wpb_wrapper\">[vc_custom_heading text=&#8221;Fresopolis Workshops &amp; Events Mallorca&#8221; font_container=&#8221;tag:h2|text_align:center|color:%23ffffff&#8221; use_theme_fonts=&#8221;yes&#8221; css=&#8221;%7B%22default%22%3A%7B%22color%22%3A%22%23ffffff%22%2C%22text-align%22%3A%22center%22%2C%22font-family%22%3A%22h1%22%2C%22font-weight%22%3A%22600%22%2C%22font-size%22%3A%221.6rem%22%7D%2C%22laptops%22%3A%7B%22text-align%22%3A%22inherit%22%7D%2C%22tablets%22%3A%7B%22text-align%22%3A%22left%22%2C%22font-size%22%3A%222.4rem%22%7D%2C%22mobiles%22%3A%7B%22text-align%22%3A%22center%22%2C%22font-size%22%3A%222.4rem%22%7D%7D&#8221;]<div class=\"wpb_text_column us_custom_6df4bc3a has_text_color\"><div class=\"wpb_wrapper\"><p>Der Besuch unseres Erlebnisbauernhofs ist an sich schon ein Event. Unsere verschiedenen Programme machen es unseren G\u00e4sten m\u00f6glich, dieses Event ganz individuell zu gestalten. Je nach Zeitplan kann man es sich einen ganzen Tag mit der Familie bei uns gem\u00fctlich machen, die Seele w\u00e4hrend eines Picknicks inmitten der Natur baumeln lassen, unsere Tiere w\u00e4hrend eines gef\u00fchrten Rundgangs durch die verschiedenen Gehege f\u00fcttern und streicheln, an einem unserer spannenden Workshops teilnehmen oder Cowboy-Feelings w\u00e4hrend einer Pony-Tour genie\u00dfen. Ein Tages-Event, nachdem Du garantiert am Abend mit einem entspannten L\u00e4cheln ins Bett f\u00e4llst. Denn daran, so viel \u201cgesunde\u201d Zeit an der frischen Luft zu verbringen sind wir heutzutage schlie\u00dflich kaum noch gew\u00f6hnt.<\/p>\n<p>Die N\u00e4he unseres Bauernhofes zur Inselhauptstadt Palma, zu sch\u00f6nen Str\u00e4nden an der S\u00fcdk\u00fcste oder zum Tramuntana-Gebirge soll es unseren G\u00e4sten aber auch erm\u00f6glichen, einen Besuch bei uns mit anderen Unternehmungen zu verbinden. So ist ein Rundgang durch unsere Tierfarm, das Einkaufen frischer, regionaler Inselprodukte in unserem Hofladen, das Pfl\u00fccken saftiger Erdbeeren auf unseren Feldern oder die Teilnahme an einem unserer Workshops jeweils ein Event f\u00fcr sich, der, je nach Lust und Zeit, bequem mit anderen Attraktionen wie einem Stadtbummel, einem Strandbesuch oder einer Wandertour kombinierbar ist.<\/p>\n<\/div><\/div><\/div><\/div><\/div><\/div><\/div><\/section><section class=\"l-section wpb_row height_medium\"><div class=\"l-section-h i-cf\"><div class=\"g-cols vc_row via_flex valign_top type_default stacking_default\"><div class=\"vc_col-sm-12 wpb_column vc_column_container\"><div class=\"vc_column-inner\"><div class=\"wpb_wrapper\">[vc_custom_heading text=&#8221;Saisonale und externe Workshops und Weinproben&#8221; font_container=&#8221;tag:h2|text_align:center|color:%23ee2b53&#8243; use_theme_fonts=&#8221;yes&#8221; css=&#8221;%7B%22default%22%3A%7B%22color%22%3A%22%23ee2b53%22%2C%22text-align%22%3A%22center%22%2C%22font-family%22%3A%22h1%22%2C%22font-weight%22%3A%22700%22%2C%22font-size%22%3A%221.6rem%22%7D%2C%22laptops%22%3A%7B%22text-align%22%3A%22inherit%22%7D%2C%22tablets%22%3A%7B%22text-align%22%3A%22left%22%2C%22font-size%22%3A%222.4rem%22%7D%2C%22mobiles%22%3A%7B%22text-align%22%3A%22center%22%2C%22font-size%22%3A%222.4rem%22%7D%7D&#8221;][vc_custom_heading text=&#8221;Events f\u00fcr Erwachsene auf Fresopolis Mallorca&#8221; font_container=&#8221;tag:h3|text_align:center|color:%23333333&#8243; use_theme_fonts=&#8221;yes&#8221; css=&#8221;%7B%22default%22%3A%7B%22color%22%3A%22%23333333%22%2C%22text-align%22%3A%22center%22%2C%22font-family%22%3A%22EB%20Garamond%22%2C%22font-weight%22%3A%22600%22%2C%22font-size%22%3A%221.2rem%22%7D%2C%22laptops%22%3A%7B%22text-align%22%3A%22inherit%22%7D%2C%22tablets%22%3A%7B%22text-align%22%3A%22left%22%2C%22font-size%22%3A%222.4rem%22%7D%2C%22mobiles%22%3A%7B%22text-align%22%3A%22center%22%2C%22font-size%22%3A%222.4rem%22%7D%7D&#8221;]<div class=\"wpb_text_column\"><div class=\"wpb_wrapper\"><p>Neben den Workshops, die wir das ganze Jahr \u00fcber im Rahmen unseres Besucherprogramms \u2018Granjero\u2019 anbieten, laden wir immer mal wieder zu mehrsprachigen Events auf Mallorca ein, die auch unsere Erwachsenen Fans ansprechen. Kr\u00e4uter-Fans k\u00f6nnen ihre Kenntnisse w\u00e4hrend spezieller Workshops erweitern, indem sie den Geheimnissen unserer Kr\u00e4uterhexe lauschen. Weinliebhaber treffen w\u00e4hrend unserer geselligen Weinproben zusammen und werden von unserer Weinexpertin Amy durch die Welt edler Inselweine gef\u00fchrt. Ob Workshop oder Weinprobe &#8211; wir versprechen Dir: es sind Events, die Spa\u00df machen. Und Du lernst ganz bestimmt noch etwas dazu!<\/p>\n<\/div><\/div><\/div><\/div><\/div><\/div><\/div><\/section><section class=\"l-section wpb_row us_custom_56f13ab0 height_medium\"><div class=\"l-section-h i-cf\"><div class=\"g-cols vc_row via_flex valign_top type_default stacking_default\"><div class=\"vc_col-sm-12 wpb_column vc_column_container\"><div class=\"vc_column-inner\"><div class=\"wpb_wrapper\">[vc_custom_heading text=&#8221;Ein Tag auf unserem Erlebnisbauernhof&#8221; font_container=&#8221;tag:h2|text_align:center|color:%23ffffff&#8221; use_theme_fonts=&#8221;yes&#8221; css=&#8221;%7B%22default%22%3A%7B%22text-align%22%3A%22center%22%2C%22font-family%22%3A%22h1%22%2C%22font-weight%22%3A%22600%22%2C%22font-size%22%3A%221.6rem%22%7D%2C%22laptops%22%3A%7B%22text-align%22%3A%22inherit%22%7D%2C%22tablets%22%3A%7B%22text-align%22%3A%22left%22%2C%22font-size%22%3A%222.4rem%22%7D%2C%22mobiles%22%3A%7B%22text-align%22%3A%22center%22%2C%22font-size%22%3A%222.4rem%22%7D%7D&#8221;][vc_custom_heading text=&#8221;Ein einzigartiges Event f\u00fcr Familien mit Kindern auf Mallorca&#8221; font_container=&#8221;tag:h3|text_align:center|color:%23ffffff&#8221; use_theme_fonts=&#8221;yes&#8221; css=&#8221;%7B%22default%22%3A%7B%22color%22%3A%22%23ffffff%22%2C%22text-align%22%3A%22center%22%2C%22font-family%22%3A%22EB%20Garamond%22%2C%22font-weight%22%3A%22700%22%2C%22font-size%22%3A%221.2rem%22%7D%2C%22laptops%22%3A%7B%22text-align%22%3A%22inherit%22%7D%2C%22tablets%22%3A%7B%22text-align%22%3A%22left%22%2C%22font-size%22%3A%222.4rem%22%7D%2C%22mobiles%22%3A%7B%22text-align%22%3A%22center%22%2C%22font-size%22%3A%222.4rem%22%7D%7D&#8221;]<div class=\"wpb_text_column us_custom_6df4bc3a has_text_color\"><div class=\"wpb_wrapper\"><p>Selbstverst\u00e4ndlich stehen bei uns die kleinen G\u00e4ste im Vordergrund. Aber auch f\u00fcr die Eltern ist ein Tag auf Fresopolis ein erlebnisreiches Event ist. Schlie\u00dflich h\u00e4lt die Natur auch f\u00fcr Erwachsene eine ganze Reihe spannender Highlights bereit.<\/p>\n<\/div><\/div><\/div><\/div><\/div><\/div><\/div><\/section><section class=\"l-section wpb_row height_medium\"><div class=\"l-section-h i-cf\"><div class=\"g-cols vc_row via_flex valign_top type_default stacking_default\"><div class=\"vc_col-sm-12 wpb_column vc_column_container\"><div class=\"vc_column-inner\"><div class=\"wpb_wrapper\">[vc_custom_heading text=&#8221;Unsere Workshops f\u00fcr Kinder&#8221; font_container=&#8221;tag:h2|text_align:center|color:%23ee2b53&#8243; use_theme_fonts=&#8221;yes&#8221; css=&#8221;%7B%22default%22%3A%7B%22color%22%3A%22%23ee2b53%22%2C%22text-align%22%3A%22center%22%2C%22font-family%22%3A%22h1%22%2C%22font-weight%22%3A%22700%22%2C%22font-size%22%3A%221.6rem%22%7D%2C%22laptops%22%3A%7B%22text-align%22%3A%22inherit%22%7D%2C%22tablets%22%3A%7B%22text-align%22%3A%22left%22%2C%22font-size%22%3A%222.4rem%22%7D%2C%22mobiles%22%3A%7B%22text-align%22%3A%22center%22%2C%22font-size%22%3A%222.4rem%22%7D%7D&#8221;][vc_custom_heading text=&#8221;Kleine Events mit gro\u00dfer Wirkung&#8221; font_container=&#8221;tag:h3|text_align:center|color:%23333333&#8243; use_theme_fonts=&#8221;yes&#8221; css=&#8221;%7B%22default%22%3A%7B%22color%22%3A%22%23333333%22%2C%22text-align%22%3A%22center%22%2C%22font-family%22%3A%22EB%20Garamond%22%2C%22font-weight%22%3A%22600%22%2C%22font-size%22%3A%221.2rem%22%7D%2C%22laptops%22%3A%7B%22text-align%22%3A%22inherit%22%7D%2C%22tablets%22%3A%7B%22text-align%22%3A%22left%22%2C%22font-size%22%3A%222.4rem%22%7D%2C%22mobiles%22%3A%7B%22text-align%22%3A%22center%22%2C%22font-size%22%3A%222.4rem%22%7D%7D&#8221;]<div class=\"wpb_text_column\"><div class=\"wpb_wrapper\"><p>Unsere Workshops sind so konzipiert, dass Kinder aktiv und mit Spa\u00df die Natur entdecken. Es sind spannende, interaktive Events, die man nicht so schnell vergisst. Es sind gesellige Events f\u00fcr Kinder, in denen gepflanzt, gebastelt, gef\u00fcttert, gepflegt und erforscht wird. Versetze Dich einmal zur\u00fcck in Deine eigene Kindheit. Dann wird Dir schnell bewusst: ein erlebnisreicher, aktiver Tag mit Tieren in der Natur ist f\u00fcr unsere Kleinen ein mindestens so gro\u00dfes Event wie eine Party, ein gutes Konzert ein Grillabend mit guten Freunden f\u00fcr uns &#8220;Gro\u00dfe&#8221;.<\/p>\n<\/div><\/div><\/div><\/div><\/div><\/div><\/div><\/section><section class=\"l-section wpb_row us_custom_37387e0f has_text_color height_small\"><div class=\"l-section-h i-cf\"><div class=\"g-cols vc_row via_flex valign_top type_default stacking_default\"><div class=\"vc_col-sm-12 wpb_column vc_column_container\"><div class=\"vc_column-inner\"><div class=\"wpb_wrapper\">[vc_custom_heading text=&#8221;H\u00e4ufig gestellte Fragen&#8221; font_container=&#8221;tag:h2|text_align:center&#8221; use_theme_fonts=&#8221;yes&#8221; css=&#8221;%7B%22default%22%3A%7B%22color%22%3A%22%23ee2b53%22%2C%22font-family%22%3A%22h1%22%2C%22font-weight%22%3A%22700%22%2C%22font-size%22%3A%221.6em%22%7D%7D&#8221;]<div class=\"w-tabs us_custom_e30cb932 has_text_color style_default switch_click accordion\" style=\"--sections-title-size:inherit\"><div class=\"w-tabs-sections titles-align_none icon_chevron cpos_right\"><div class=\"w-tabs-section has_text_color\" id=\"qc6e\" itemscope itemprop=\"mainEntity\" itemtype=\"https:\/\/schema.org\/Question\" style=\"color:#333333;\"><button class=\"w-tabs-section-header\" aria-controls=\"content-qc6e\" aria-expanded=\"false\"><div class=\"w-tabs-section-title\" itemprop=\"name\">1. Wie kann ich einen Event auf Fresopolis buchen?<\/div><div class=\"w-tabs-section-control\"><\/div><\/button><div  class=\"w-tabs-section-content\" id=\"content-qc6e\" itemscope itemprop=\"acceptedAnswer\" itemtype=\"https:\/\/schema.org\/Answer\"><div class=\"w-tabs-section-content-h i-cf\" itemprop=\"text\"><div class=\"wpb_text_column\"><div class=\"wpb_wrapper\"><p>All unsere Animal-Touren, Workshops, Weinproben, Pony-Touren und unsere weiteren Events in Mallorca findest Du in unserem Online-Kalender. Hier kannst Du die entsprechenden Termine und Uhrzeiten einsehen und bequem direkt online buchen. Eine Buchung ist nicht obligatorisch; aufgrund begrenzter Kapazit\u00e4ten empfehlen wir jedoch insbesondere Wochenendbesuchern, die gew\u00fcnschte Aktivit\u00e4t rechtzeitig im Voraus zu buchen, um sich einen Platz zu sichern.<\/p>\n<\/div><\/div><\/div><\/div><\/div><div class=\"w-tabs-section has_text_color\" id=\"ae3c\" itemscope itemprop=\"mainEntity\" itemtype=\"https:\/\/schema.org\/Question\" style=\"color:#333333;\"><button class=\"w-tabs-section-header\" aria-controls=\"content-ae3c\" aria-expanded=\"false\"><div class=\"w-tabs-section-title\" itemprop=\"name\">2. Gibt es spezielle Veranstaltungen f\u00fcr Gruppen auf Fresopolis?<\/div><div class=\"w-tabs-section-control\"><\/div><\/button><div  class=\"w-tabs-section-content\" id=\"content-ae3c\" itemscope itemprop=\"acceptedAnswer\" itemtype=\"https:\/\/schema.org\/Answer\"><div class=\"w-tabs-section-content-h i-cf\" itemprop=\"text\"><div class=\"wpb_text_column\"><div class=\"wpb_wrapper\"><p>Ja. Auf unserem Erlebnisbauernhof bieten wir spezielle Programme f\u00fcr Gruppen anl\u00e4sslich eines Kindergeburtstags an. Diese Events finden jeweils in einem individuellen Rahmen und auf die Altersklasse abgestimmt statt. So gibt es die M\u00f6glichkeit, Animal-Touren sowie Workshops f\u00fcr eine ganze Gruppe zu buchen. Zudem gibt es spezielle Preise f\u00fcr Gruppen ab 15 Personen.<\/p>\n<p>Auch f\u00fcr Schulgruppen ist ein Besuch auf Fresopolis immer wieder ein spannendes Event. Wenn Du uns gerne mit einer Schulklasse besuchen m\u00f6chtest, kannst Du uns ganz einfach unter <a href=\"mailto:info@fresopolis-mallorca.com\">info@fresopolis-mallorca.com<\/a> kontaktieren.<\/p>\n<\/div><\/div><\/div><\/div><\/div><div class=\"w-tabs-section has_text_color\" id=\"a01f\" itemscope itemprop=\"mainEntity\" itemtype=\"https:\/\/schema.org\/Question\" style=\"color:#333333;\"><button class=\"w-tabs-section-header\" aria-controls=\"content-a01f\" aria-expanded=\"false\"><div class=\"w-tabs-section-title\" itemprop=\"name\">3. Welche Events gibt es f\u00fcr Erwachsene?<\/div><div class=\"w-tabs-section-control\"><\/div><\/button><div  class=\"w-tabs-section-content\" id=\"content-a01f\" itemscope itemprop=\"acceptedAnswer\" itemtype=\"https:\/\/schema.org\/Answer\"><div class=\"w-tabs-section-content-h i-cf\" itemprop=\"text\"><div class=\"wpb_text_column\"><div class=\"wpb_wrapper\"><p>Unsere Weinproben sind selbstverst\u00e4ndlich ausschlie\u00dflich erwachsenen Weinliebhabern vorbehalten, die w\u00e4hrend eines geselligen Zusammenseins unsere Inselweine kennenlernen m\u00f6chten. Auch unser Kr\u00e4uter-Workshop oder unser Workshop \u201cKartoffelturm\u201d f\u00fcr leidenschaftliche Hobbyg\u00e4rtner erfreuen sich unter Erwachsenen gro\u00dfer Beliebtheit. Das von uns f\u00fcr diese Workshops entwickelte Konzept spricht Erwachsene ebenso an wie Kinder aller Altersklassen. Je nach Saison bieten wir zudem weitere Workshops und Events an, zu denen wir auch unsere \u201cgro\u00dfen\u201d Besucher herzlich einladen.<\/p>\n<\/div><\/div><\/div><\/div><\/div><div class=\"w-tabs-section has_text_color\" id=\"s20c\" itemscope itemprop=\"mainEntity\" itemtype=\"https:\/\/schema.org\/Question\" style=\"color:#333333;\"><button class=\"w-tabs-section-header\" aria-controls=\"content-s20c\" aria-expanded=\"false\"><div class=\"w-tabs-section-title\" itemprop=\"name\">4. Was ist mit \u2018saisonalen Workshops\u2019 gemeint?<\/div><div class=\"w-tabs-section-control\"><\/div><\/button><div  class=\"w-tabs-section-content\" id=\"content-s20c\" itemscope itemprop=\"acceptedAnswer\" itemtype=\"https:\/\/schema.org\/Answer\"><div class=\"w-tabs-section-content-h i-cf\" itemprop=\"text\"><div class=\"wpb_text_column\"><div class=\"wpb_wrapper\"><p>Unsere saisonalen Workshops sind externe Workshops, die jeweils nur zu bestimmten Jahreszeiten stattfinden.Hier bestimmt die Natur und die jeweilige Pflanz- und Erntezeit die Termine. Auf diese Workshops machen wir sowie auf Facebook, Instagram sowie in unseren Newslettern sowie in unserem Event-Kalender aufmerksam.<\/p>\n<\/div><\/div><\/div><\/div><\/div><div class=\"w-tabs-section has_text_color\" id=\"z431\" itemscope itemprop=\"mainEntity\" itemtype=\"https:\/\/schema.org\/Question\" style=\"color:#333333;\"><button class=\"w-tabs-section-header\" aria-controls=\"content-z431\" aria-expanded=\"false\"><div class=\"w-tabs-section-title\" itemprop=\"name\">5. Was kosten die externen Workshops?<\/div><div class=\"w-tabs-section-control\"><\/div><\/button><div  class=\"w-tabs-section-content\" id=\"content-z431\" itemscope itemprop=\"acceptedAnswer\" itemtype=\"https:\/\/schema.org\/Answer\"><div class=\"w-tabs-section-content-h i-cf\" itemprop=\"text\"><div class=\"wpb_text_column\"><div class=\"wpb_wrapper\"><p>Den jeweiligen Preis unserer externen Workshops findest Du in unserem Event-Kalender. Auf diesen Preis erhalten Inselbewohner einen Residentenrabatt von 10 %.<\/p>\n<\/div><\/div><\/div><\/div><\/div><div class=\"w-tabs-section has_text_color\" id=\"f60e\" itemscope itemprop=\"mainEntity\" itemtype=\"https:\/\/schema.org\/Question\" style=\"color:#333333;\"><button class=\"w-tabs-section-header\" aria-controls=\"content-f60e\" aria-expanded=\"false\"><div class=\"w-tabs-section-title\" itemprop=\"name\">6. Wie kann ich mich \u00fcber unsere Veranstaltungen und Events auf Mallorca auf dem Laufenden halten?<\/div><div class=\"w-tabs-section-control\"><\/div><\/button><div  class=\"w-tabs-section-content\" id=\"content-f60e\" itemscope itemprop=\"acceptedAnswer\" itemtype=\"https:\/\/schema.org\/Answer\"><div class=\"w-tabs-section-content-h i-cf\" itemprop=\"text\"><div class=\"wpb_text_column\"><div class=\"wpb_wrapper\"><p>Eine gute Gelegenheit, \u00fcber Neuigkeiten wie spezielle Events und neue Workshops weiter im Voraus informiert zu werden ist unser Newsletter. Hier k\u00fcndigen wir zudem in regelm\u00e4\u00dfigen Abst\u00e4nden neue Produkte, die wir unserem Sortiment im Hofladen hinzuf\u00fcgen, Preisnachl\u00e4sse und Sonderaktionen an, sodass unsere Abonnenten ihren Besuch rechtzeitig planen k\u00f6nnen.<\/p>\n<\/div><\/div><\/div><\/div><\/div><\/div><\/div><\/div><\/div><\/div><\/div><\/div><\/section>\n","protected":false},"excerpt":{"rendered":"[vc_custom_heading text=\"Fresopolis Workshops &amp; Veranstaltungen Mallorca\" font_container=\"tag:h1|text_align:center|color:%23ffffff\" use_theme_fonts=\"yes\" css=\"%7B%22default%22%3A%7B%22text-align%22%3A%22center%22%2C%22font-size%22%3A%222.4rem%22%7D%2C%22tablets%22%3A%7B%22text-align%22%3A%22left%22%2C%22font-size%22%3A%222.4rem%22%7D%2C%22mobiles%22%3A%7B%22text-align%22%3A%22center%22%2C%22font-size%22%3A%222.4rem%22%7D%7D\"][vc_custom_heading text=\"Samstags &amp; sonntags: Gef\u00fchrte Rundg\u00e4nge durch unsere Tierfarm. Mittwochs bis freitags: auf Anfrage.\" font_container=\"tag:p|font_size:1.6rem|text_align:center|color:%23ee2b53\" use_theme_fonts=\"yes\" css=\"%7B%22default%22%3A%7B%22color%22%3A%22%23ee2b53%22%2C%22text-align%22%3A%22center%22%2C%22font-size%22%3A%221.4rem%22%2C%22font-family%22%3A%22h1%22%2C%22font-weight%22%3A%22700%22%7D%7D\"] [vc_custom_heading text=\"Fresopolis Workshops &amp; Events Mallorca\" font_container=\"tag:h2|text_align:center|color:%23ffffff\" use_theme_fonts=\"yes\" css=\"%7B%22default%22%3A%7B%22color%22%3A%22%23ffffff%22%2C%22text-align%22%3A%22center%22%2C%22font-family%22%3A%22h1%22%2C%22font-weight%22%3A%22600%22%2C%22font-size%22%3A%221.6rem%22%7D%2C%22laptops%22%3A%7B%22text-align%22%3A%22inherit%22%7D%2C%22tablets%22%3A%7B%22text-align%22%3A%22left%22%2C%22font-size%22%3A%222.4rem%22%7D%2C%22mobiles%22%3A%7B%22text-align%22%3A%22center%22%2C%22font-size%22%3A%222.4rem%22%7D%7D\"]Der Besuch unseres Erlebnisbauernhofs ist an sich schon ein Event. Unsere verschiedenen Programme machen es unseren G\u00e4sten m\u00f6glich, dieses Event ganz individuell...","protected":false},"author":50,"featured_media":0,"parent":0,"menu_order":0,"comment_status":"closed","ping_status":"closed","template":"","meta":{"inline_featured_image":false,"footnotes":""},"class_list":["post-13306","page","type-page","status-publish","hentry"],"yoast_head":"<!-- This site is optimized with the Yoast SEO plugin v27.5 - https:\/\/yoast.com\/product\/yoast-seo-wordpress\/ -->\n<title>Fresopolis Events in Mallorca f\u00fcr Familien<\/title>\n<meta name=\"description\" content=\"Tolle Workshops f\u00fcr Kinder, Tiere streicheln und f\u00fcttern, Ponyreiten, Erdbeerfelder und frische Bauernhofprodukte. Buche Deinen Fresopolis-Event auf Mallorca.\" \/>\n<meta name=\"robots\" content=\"index, follow, max-snippet:-1, max-image-preview:large, max-video-preview:-1\" \/>\n<link rel=\"canonical\" href=\"https:\/\/www.fresopolis-mallorca.com\/de\/kalender\/\" \/>\n<meta property=\"og:locale\" content=\"de_DE\" \/>\n<meta property=\"og:type\" content=\"article\" \/>\n<meta property=\"og:title\" content=\"Fresopolis Events in Mallorca f\u00fcr Familien\" \/>\n<meta property=\"og:description\" content=\"Tolle Workshops f\u00fcr Kinder, Tiere streicheln und f\u00fcttern, Ponyreiten, Erdbeerfelder und frische Bauernhofprodukte. Buche Deinen Fresopolis-Event auf Mallorca.\" \/>\n<meta property=\"og:url\" content=\"https:\/\/www.fresopolis-mallorca.com\/de\/kalender\/\" \/>\n<meta property=\"og:site_name\" content=\"Fresopolis Mallorca\" \/>\n<meta property=\"article:publisher\" content=\"https:\/\/www.facebook.com\/Fresopolis.Mallorca\" \/>\n<meta property=\"article:modified_time\" content=\"2023-07-05T09:52:08+00:00\" \/>\n<meta name=\"twitter:card\" content=\"summary_large_image\" \/>\n<meta name=\"twitter:label1\" content=\"Gesch\u00e4tzte Lesezeit\" \/>\n\t<meta name=\"twitter:data1\" content=\"5\u00a0Minuten\" \/>\n<script type=\"application\/ld+json\" class=\"yoast-schema-graph\">{\"@context\":\"https:\\\/\\\/schema.org\",\"@graph\":[{\"@type\":\"WebPage\",\"@id\":\"https:\\\/\\\/www.fresopolis-mallorca.com\\\/de\\\/kalender\\\/\",\"url\":\"https:\\\/\\\/www.fresopolis-mallorca.com\\\/de\\\/kalender\\\/\",\"name\":\"Fresopolis Events in Mallorca f\u00fcr Familien\",\"isPartOf\":{\"@id\":\"https:\\\/\\\/www.fresopolis-mallorca.com\\\/de\\\/#website\"},\"datePublished\":\"2021-11-15T08:53:56+00:00\",\"dateModified\":\"2023-07-05T09:52:08+00:00\",\"description\":\"Tolle Workshops f\u00fcr Kinder, Tiere streicheln und f\u00fcttern, Ponyreiten, Erdbeerfelder und frische Bauernhofprodukte. Buche Deinen Fresopolis-Event auf Mallorca.\",\"breadcrumb\":{\"@id\":\"https:\\\/\\\/www.fresopolis-mallorca.com\\\/de\\\/kalender\\\/#breadcrumb\"},\"inLanguage\":\"de\",\"potentialAction\":[{\"@type\":\"ReadAction\",\"target\":[\"https:\\\/\\\/www.fresopolis-mallorca.com\\\/de\\\/kalender\\\/\"]}]},{\"@type\":\"BreadcrumbList\",\"@id\":\"https:\\\/\\\/www.fresopolis-mallorca.com\\\/de\\\/kalender\\\/#breadcrumb\",\"itemListElement\":[{\"@type\":\"ListItem\",\"position\":1,\"name\":\"Home\",\"item\":\"https:\\\/\\\/www.fresopolis-mallorca.com\\\/de\\\/\"},{\"@type\":\"ListItem\",\"position\":2,\"name\":\"Kalender\"}]},{\"@type\":\"WebSite\",\"@id\":\"https:\\\/\\\/www.fresopolis-mallorca.com\\\/de\\\/#website\",\"url\":\"https:\\\/\\\/www.fresopolis-mallorca.com\\\/de\\\/\",\"name\":\"Fresopolis Mallorca\",\"description\":\"Our unique children\u2019s farm for families on Mallorca\",\"publisher\":{\"@id\":\"https:\\\/\\\/www.fresopolis-mallorca.com\\\/de\\\/#organization\"},\"potentialAction\":[{\"@type\":\"SearchAction\",\"target\":{\"@type\":\"EntryPoint\",\"urlTemplate\":\"https:\\\/\\\/www.fresopolis-mallorca.com\\\/de\\\/?s={search_term_string}\"},\"query-input\":{\"@type\":\"PropertyValueSpecification\",\"valueRequired\":true,\"valueName\":\"search_term_string\"}}],\"inLanguage\":\"de\"},{\"@type\":\"Organization\",\"@id\":\"https:\\\/\\\/www.fresopolis-mallorca.com\\\/de\\\/#organization\",\"name\":\"Fresopolis Mallorca\",\"url\":\"https:\\\/\\\/www.fresopolis-mallorca.com\\\/de\\\/\",\"logo\":{\"@type\":\"ImageObject\",\"inLanguage\":\"de\",\"@id\":\"https:\\\/\\\/www.fresopolis-mallorca.com\\\/de\\\/#\\\/schema\\\/logo\\\/image\\\/\",\"url\":\"https:\\\/\\\/www.fresopolis-mallorca.com\\\/wp-content\\\/uploads\\\/2022\\\/04\\\/Fresopolis-Mallorca-Family-Farm.jpg\",\"contentUrl\":\"https:\\\/\\\/www.fresopolis-mallorca.com\\\/wp-content\\\/uploads\\\/2022\\\/04\\\/Fresopolis-Mallorca-Family-Farm.jpg\",\"width\":784,\"height\":784,\"caption\":\"Fresopolis Mallorca\"},\"image\":{\"@id\":\"https:\\\/\\\/www.fresopolis-mallorca.com\\\/de\\\/#\\\/schema\\\/logo\\\/image\\\/\"},\"sameAs\":[\"https:\\\/\\\/www.facebook.com\\\/Fresopolis.Mallorca\",\"https:\\\/\\\/www.instagram.com\\\/fresopolis.mallorca\\\/\",\"https:\\\/\\\/www.youtube.com\\\/channel\\\/UCu9D6GxBDXUImkm7dihPyvg\"]}]}<\/script>\n<!-- \/ Yoast SEO plugin. -->","yoast_head_json":{"title":"Fresopolis Events in Mallorca f\u00fcr Familien","description":"Tolle Workshops f\u00fcr Kinder, Tiere streicheln und f\u00fcttern, Ponyreiten, Erdbeerfelder und frische Bauernhofprodukte. Buche Deinen Fresopolis-Event auf Mallorca.","robots":{"index":"index","follow":"follow","max-snippet":"max-snippet:-1","max-image-preview":"max-image-preview:large","max-video-preview":"max-video-preview:-1"},"canonical":"https:\/\/www.fresopolis-mallorca.com\/de\/kalender\/","og_locale":"de_DE","og_type":"article","og_title":"Fresopolis Events in Mallorca f\u00fcr Familien","og_description":"Tolle Workshops f\u00fcr Kinder, Tiere streicheln und f\u00fcttern, Ponyreiten, Erdbeerfelder und frische Bauernhofprodukte. Buche Deinen Fresopolis-Event auf Mallorca.","og_url":"https:\/\/www.fresopolis-mallorca.com\/de\/kalender\/","og_site_name":"Fresopolis Mallorca","article_publisher":"https:\/\/www.facebook.com\/Fresopolis.Mallorca","article_modified_time":"2023-07-05T09:52:08+00:00","twitter_card":"summary_large_image","twitter_misc":{"Gesch\u00e4tzte Lesezeit":"5\u00a0Minuten"},"schema":{"@context":"https:\/\/schema.org","@graph":[{"@type":"WebPage","@id":"https:\/\/www.fresopolis-mallorca.com\/de\/kalender\/","url":"https:\/\/www.fresopolis-mallorca.com\/de\/kalender\/","name":"Fresopolis Events in Mallorca f\u00fcr Familien","isPartOf":{"@id":"https:\/\/www.fresopolis-mallorca.com\/de\/#website"},"datePublished":"2021-11-15T08:53:56+00:00","dateModified":"2023-07-05T09:52:08+00:00","description":"Tolle Workshops f\u00fcr Kinder, Tiere streicheln und f\u00fcttern, Ponyreiten, Erdbeerfelder und frische Bauernhofprodukte. Buche Deinen Fresopolis-Event auf Mallorca.","breadcrumb":{"@id":"https:\/\/www.fresopolis-mallorca.com\/de\/kalender\/#breadcrumb"},"inLanguage":"de","potentialAction":[{"@type":"ReadAction","target":["https:\/\/www.fresopolis-mallorca.com\/de\/kalender\/"]}]},{"@type":"BreadcrumbList","@id":"https:\/\/www.fresopolis-mallorca.com\/de\/kalender\/#breadcrumb","itemListElement":[{"@type":"ListItem","position":1,"name":"Home","item":"https:\/\/www.fresopolis-mallorca.com\/de\/"},{"@type":"ListItem","position":2,"name":"Kalender"}]},{"@type":"WebSite","@id":"https:\/\/www.fresopolis-mallorca.com\/de\/#website","url":"https:\/\/www.fresopolis-mallorca.com\/de\/","name":"Fresopolis Mallorca","description":"Our unique children\u2019s farm for families on Mallorca","publisher":{"@id":"https:\/\/www.fresopolis-mallorca.com\/de\/#organization"},"potentialAction":[{"@type":"SearchAction","target":{"@type":"EntryPoint","urlTemplate":"https:\/\/www.fresopolis-mallorca.com\/de\/?s={search_term_string}"},"query-input":{"@type":"PropertyValueSpecification","valueRequired":true,"valueName":"search_term_string"}}],"inLanguage":"de"},{"@type":"Organization","@id":"https:\/\/www.fresopolis-mallorca.com\/de\/#organization","name":"Fresopolis Mallorca","url":"https:\/\/www.fresopolis-mallorca.com\/de\/","logo":{"@type":"ImageObject","inLanguage":"de","@id":"https:\/\/www.fresopolis-mallorca.com\/de\/#\/schema\/logo\/image\/","url":"https:\/\/www.fresopolis-mallorca.com\/wp-content\/uploads\/2022\/04\/Fresopolis-Mallorca-Family-Farm.jpg","contentUrl":"https:\/\/www.fresopolis-mallorca.com\/wp-content\/uploads\/2022\/04\/Fresopolis-Mallorca-Family-Farm.jpg","width":784,"height":784,"caption":"Fresopolis Mallorca"},"image":{"@id":"https:\/\/www.fresopolis-mallorca.com\/de\/#\/schema\/logo\/image\/"},"sameAs":["https:\/\/www.facebook.com\/Fresopolis.Mallorca","https:\/\/www.instagram.com\/fresopolis.mallorca\/","https:\/\/www.youtube.com\/channel\/UCu9D6GxBDXUImkm7dihPyvg"]}]}},"_links":{"self":[{"href":"https:\/\/www.fresopolis-mallorca.com\/de\/wp-json\/wp\/v2\/pages\/13306","targetHints":{"allow":["GET"]}}],"collection":[{"href":"https:\/\/www.fresopolis-mallorca.com\/de\/wp-json\/wp\/v2\/pages"}],"about":[{"href":"https:\/\/www.fresopolis-mallorca.com\/de\/wp-json\/wp\/v2\/types\/page"}],"author":[{"embeddable":true,"href":"https:\/\/www.fresopolis-mallorca.com\/de\/wp-json\/wp\/v2\/users\/50"}],"replies":[{"embeddable":true,"href":"https:\/\/www.fresopolis-mallorca.com\/de\/wp-json\/wp\/v2\/comments?post=13306"}],"version-history":[{"count":0,"href":"https:\/\/www.fresopolis-mallorca.com\/de\/wp-json\/wp\/v2\/pages\/13306\/revisions"}],"wp:attachment":[{"href":"https:\/\/www.fresopolis-mallorca.com\/de\/wp-json\/wp\/v2\/media?parent=13306"}],"curies":[{"name":"wp","href":"https:\/\/api.w.org\/{rel}","templated":true}]}}