{"id":18532,"date":"2021-12-20T05:16:38","date_gmt":"2021-12-20T04:16:38","guid":{"rendered":"https:\/\/www.fresopolis-mallorca.com\/event-calendario\/"},"modified":"2023-06-28T15:05:08","modified_gmt":"2023-06-28T13:05:08","slug":"eventos-en-mallorca","status":"publish","type":"page","link":"https:\/\/www.fresopolis-mallorca.com\/es\/eventos-en-mallorca\/","title":{"rendered":"Event Calendario"},"content":{"rendered":"<section class=\"l-section wpb_row us_custom_6df4bc3a has_text_color height_auto with_img\"><div class=\"l-section-img\" role=\"img\" aria-label=\"Event Calendar\" data-img-width=\"1920\" data-img-height=\"1212\" style=\"background-image: url(https:\/\/www.fresopolis-mallorca.com\/wp-content\/uploads\/2021\/11\/Event-Calendar.jpg);background-repeat: no-repeat;\"><\/div><div class=\"l-section-h i-cf\"><div class=\"g-cols vc_row via_flex valign_middle type_default stacking_default\"><div class=\"vc_col-sm-12 wpb_column vc_column_container\"><div class=\"vc_column-inner us_custom_d2f0d7c7\"><div class=\"wpb_wrapper\">[vc_custom_heading text=&#8221;Fresopolis Talleres &amp; Eventos En Mallorca&#8221; font_container=&#8221;tag:h1|text_align:center|color:%23ffffff&#8221; use_theme_fonts=&#8221;yes&#8221; css=&#8221;%7B%22default%22%3A%7B%22text-align%22%3A%22center%22%2C%22font-size%22%3A%222.4rem%22%7D%2C%22laptops%22%3A%7B%22text-align%22%3A%22inherit%22%7D%2C%22tablets%22%3A%7B%22text-align%22%3A%22left%22%2C%22font-size%22%3A%222.4rem%22%7D%2C%22mobiles%22%3A%7B%22text-align%22%3A%22center%22%2C%22font-size%22%3A%222.4rem%22%7D%7D&#8221;]<\/div><\/div><\/div><\/div><\/div><\/section><section class=\"l-section wpb_row height_medium\"><div class=\"l-section-h i-cf\"><div class=\"g-cols vc_row via_flex valign_top type_default stacking_default\"><div class=\"vc_col-sm-12 wpb_column vc_column_container\"><div class=\"vc_column-inner\"><div class=\"wpb_wrapper\">[vc_custom_heading text=&#8221;S\u00e1bados &amp; Domingos: visitas guiadas granja de animales. Mi\u00e9rcoles a viernes: solicitar disponibilidad&#8221; font_container=&#8221;tag:p|font_size:1.6rem|text_align:center|color:%23ee2b53&#8243; use_theme_fonts=&#8221;yes&#8221; css=&#8221;%7B%22default%22%3A%7B%22color%22%3A%22%23ee2b53%22%2C%22text-align%22%3A%22center%22%2C%22font-size%22%3A%221.4rem%22%2C%22font-family%22%3A%22h1%22%2C%22font-weight%22%3A%22700%22%7D%7D&#8221;]<div class=\"w-separator size_medium\"><\/div><div class=\"wpb_text_column\"><div class=\"wpb_wrapper\"><script src=\"https:\/\/fareharbor.com\/embeds\/script\/calendar\/fresopolis-mallorca\/?fallback=simple&language=es&flow=989676\"><\/script>\n<\/div><\/div><\/div><\/div><\/div><\/div><\/div><\/section><section class=\"l-section wpb_row us_custom_56f13ab0 height_medium\"><div class=\"l-section-h i-cf\"><div class=\"g-cols vc_row via_flex valign_top type_default stacking_default\"><div class=\"vc_col-sm-12 wpb_column vc_column_container\"><div class=\"vc_column-inner\"><div class=\"wpb_wrapper\">[vc_custom_heading text=&#8221;Talleres y eventos de Fresopolis en Mallorca&#8221; font_container=&#8221;tag:h2|text_align:center|color:%23ffffff&#8221; use_theme_fonts=&#8221;yes&#8221; css=&#8221;%7B%22default%22%3A%7B%22color%22%3A%22%23ffffff%22%2C%22text-align%22%3A%22center%22%2C%22font-family%22%3A%22h1%22%2C%22font-weight%22%3A%22600%22%2C%22font-size%22%3A%221.6rem%22%7D%2C%22laptops%22%3A%7B%22text-align%22%3A%22inherit%22%7D%2C%22tablets%22%3A%7B%22text-align%22%3A%22left%22%2C%22font-size%22%3A%222.4rem%22%7D%2C%22mobiles%22%3A%7B%22text-align%22%3A%22center%22%2C%22font-size%22%3A%222.4rem%22%7D%7D&#8221;]<div class=\"wpb_text_column us_custom_6df4bc3a has_text_color\"><div class=\"wpb_wrapper\"><p>La visita a nuestra granja escuela ya es un evento en s\u00ed mismo. Los programas que ofrecemos comprenden una serie de actividades que nuestros visitantes pueden combinar seg\u00fan sus propias preferencias y el tiempo que desean invertir. Un tour a trav\u00e9s de nuestra granja de animales, un taller interactivo, un paseo en poni, la cosecha de fresas o la selecci\u00f3n de hierbas arom\u00e1ticas en nuestro jard\u00edn, cada una de estas actividades constituye un peque\u00f1o evento emocionante e inolvidable. Y quien desea pasar un d\u00eda entero en la granja, encontrar\u00e1 acogedores espacios de picnic para descansar y relajarse con la familia y amigos en un entorno id\u00edlico y rural. Al fin y al cabo, hoy en d\u00eda no estamos acostumbrados a pasar tanto tiempo al aire libre de forma \u2018saludable\u2019.<\/p>\n<p>La proximidad de Fresopolis tanto a la capital de la isla, a las hermosas playas de la costa sur o a la fascinante Sierra de Tramuntana permite combinar una visita a la granja con otras actividades de ocio. Pasar un rato agradable entre nuestros animales, abastecerse de espl\u00e9ndidos productos en nuestra tienda, recoger fresas en nuestros campos o investigar los secretos de la naturaleza en un taller son peque\u00f1os eventos de gran impacto que se pueden disfrutar el mismo d\u00eda.<\/p>\n<\/div><\/div><\/div><\/div><\/div><\/div><\/div><\/section><section class=\"l-section wpb_row height_medium\"><div class=\"l-section-h i-cf\"><div class=\"g-cols vc_row via_flex valign_top type_default stacking_default\"><div class=\"vc_col-sm-12 wpb_column vc_column_container\"><div class=\"vc_column-inner\"><div class=\"wpb_wrapper\">[vc_custom_heading text=&#8221;Talleres temporales y externos y catas de vino&#8221; font_container=&#8221;tag:h2|text_align:center|color:%23ee2b53&#8243; use_theme_fonts=&#8221;yes&#8221; css=&#8221;%7B%22default%22%3A%7B%22color%22%3A%22%23ee2b53%22%2C%22text-align%22%3A%22center%22%2C%22font-family%22%3A%22h1%22%2C%22font-weight%22%3A%22700%22%2C%22font-size%22%3A%221.6rem%22%7D%2C%22laptops%22%3A%7B%22text-align%22%3A%22inherit%22%7D%2C%22tablets%22%3A%7B%22text-align%22%3A%22left%22%2C%22font-size%22%3A%222.4rem%22%7D%2C%22mobiles%22%3A%7B%22text-align%22%3A%22center%22%2C%22font-size%22%3A%222.4rem%22%7D%7D&#8221;][vc_custom_heading text=&#8221;Eventos para adultos cerca de Palma de Mallorca&#8221; font_container=&#8221;tag:h3|text_align:center|color:%23333333&#8243; use_theme_fonts=&#8221;yes&#8221; css=&#8221;%7B%22default%22%3A%7B%22color%22%3A%22%23333333%22%2C%22text-align%22%3A%22center%22%2C%22font-family%22%3A%22EB%20Garamond%22%2C%22font-weight%22%3A%22600%22%2C%22font-size%22%3A%221.2rem%22%7D%2C%22laptops%22%3A%7B%22text-align%22%3A%22inherit%22%7D%2C%22tablets%22%3A%7B%22text-align%22%3A%22left%22%2C%22font-size%22%3A%222.4rem%22%7D%2C%22mobiles%22%3A%7B%22text-align%22%3A%22center%22%2C%22font-size%22%3A%222.4rem%22%7D%7D&#8221;]<div class=\"wpb_text_column\"><div class=\"wpb_wrapper\"><p>Adem\u00e1s de los talleres que ofrecemos a lo largo del a\u00f1o en el marco de nuestro programa \u2018Granjero&#8217;, organizamos eventos multiling\u00fces y puntuales que son de inter\u00e9s especial para los adultos. Entre otros, ofrecemos talleres de hierba en el que B\u00e1rbara, nuestra experta en hierbas revela los secretos de las plantas medicinales. Y durante nuestras catas de vino, nuestra experta en vinos Amy, gu\u00eda a los amantes del vino a trav\u00e9s del apasionante mundo de los vinos de Mallorca. Tanto nuestros talleres como las catas de vino son eventos simp\u00e1ticos y sociables en los que los participantes se lo pasan bien y se llevan nuevos conocimientos \u00fatiles e interesantes.<\/p>\n<\/div><\/div><\/div><\/div><\/div><\/div><\/div><\/section><section class=\"l-section wpb_row us_custom_56f13ab0 height_medium\"><div class=\"l-section-h i-cf\"><div class=\"g-cols vc_row via_flex valign_top type_default stacking_default\"><div class=\"vc_col-sm-12 wpb_column vc_column_container\"><div class=\"vc_column-inner\"><div class=\"wpb_wrapper\">[vc_custom_heading text=&#8221;Una visita de nuestra granja escuela&#8221; font_container=&#8221;tag:h2|text_align:center|color:%23ffffff&#8221; use_theme_fonts=&#8221;yes&#8221; css=&#8221;%7B%22default%22%3A%7B%22text-align%22%3A%22center%22%2C%22font-family%22%3A%22h1%22%2C%22font-weight%22%3A%22600%22%2C%22font-size%22%3A%221.6rem%22%7D%2C%22laptops%22%3A%7B%22text-align%22%3A%22inherit%22%7D%2C%22tablets%22%3A%7B%22text-align%22%3A%22left%22%2C%22font-size%22%3A%222.4rem%22%7D%2C%22mobiles%22%3A%7B%22text-align%22%3A%22center%22%2C%22font-size%22%3A%222.4rem%22%7D%7D&#8221;][vc_custom_heading text=&#8221;Un evento especial para todas las edades en Mallorca&#8221; font_container=&#8221;tag:h3|text_align:center|color:%23ffffff&#8221; use_theme_fonts=&#8221;yes&#8221; css=&#8221;%7B%22default%22%3A%7B%22color%22%3A%22%23ffffff%22%2C%22text-align%22%3A%22center%22%2C%22font-family%22%3A%22EB%20Garamond%22%2C%22font-weight%22%3A%22700%22%2C%22font-size%22%3A%221.2rem%22%7D%2C%22laptops%22%3A%7B%22text-align%22%3A%22inherit%22%7D%2C%22tablets%22%3A%7B%22text-align%22%3A%22left%22%2C%22font-size%22%3A%222.4rem%22%7D%2C%22mobiles%22%3A%7B%22text-align%22%3A%22center%22%2C%22font-size%22%3A%222.4rem%22%7D%7D&#8221;]<div class=\"wpb_text_column us_custom_6df4bc3a has_text_color\"><div class=\"wpb_wrapper\"><p>Por supuesto, a la hora de dise\u00f1ar nuestros eventos, tenemos en cuenta en primer lugar a los peques. Eso no significa que un d\u00eda en nuestra granja no sea tambi\u00e9n una experiencia especial para adultos. Con todos sus peque\u00f1os secretos fascinantes, la naturaleza sin duda tambi\u00e9n guarda cantidad de momentos emocionantes para nuestros visitantes adultos.<\/p>\n<\/div><\/div><\/div><\/div><\/div><\/div><\/div><\/section><section class=\"l-section wpb_row height_medium\"><div class=\"l-section-h i-cf\"><div class=\"g-cols vc_row via_flex valign_top type_default stacking_default\"><div class=\"vc_col-sm-12 wpb_column vc_column_container\"><div class=\"vc_column-inner\"><div class=\"wpb_wrapper\">[vc_custom_heading text=&#8221;Nuestros talleres infantiles&#8221; font_container=&#8221;tag:h2|text_align:center|color:%23ee2b53&#8243; use_theme_fonts=&#8221;yes&#8221; css=&#8221;%7B%22default%22%3A%7B%22color%22%3A%22%23ee2b53%22%2C%22text-align%22%3A%22center%22%2C%22font-family%22%3A%22h1%22%2C%22font-weight%22%3A%22700%22%2C%22font-size%22%3A%221.6rem%22%7D%2C%22laptops%22%3A%7B%22text-align%22%3A%22inherit%22%7D%2C%22tablets%22%3A%7B%22text-align%22%3A%22left%22%2C%22font-size%22%3A%222.4rem%22%7D%2C%22mobiles%22%3A%7B%22text-align%22%3A%22center%22%2C%22font-size%22%3A%222.4rem%22%7D%7D&#8221;][vc_custom_heading text=&#8221;Peque\u00f1os eventos de gran impacto&#8221; font_container=&#8221;tag:h3|text_align:center|color:%23333333&#8243; use_theme_fonts=&#8221;yes&#8221; css=&#8221;%7B%22default%22%3A%7B%22color%22%3A%22%23333333%22%2C%22text-align%22%3A%22center%22%2C%22font-family%22%3A%22EB%20Garamond%22%2C%22font-weight%22%3A%22600%22%2C%22font-size%22%3A%221.2rem%22%7D%2C%22laptops%22%3A%7B%22text-align%22%3A%22inherit%22%7D%2C%22tablets%22%3A%7B%22text-align%22%3A%22left%22%2C%22font-size%22%3A%222.4rem%22%7D%2C%22mobiles%22%3A%7B%22text-align%22%3A%22center%22%2C%22font-size%22%3A%222.4rem%22%7D%7D&#8221;]<div class=\"wpb_text_column\"><div class=\"wpb_wrapper\"><p>Nuestros talleres invitan a los ni\u00f1os de todas las edades a descubrir la naturaleza de forma divertida. Son eventos did\u00e1cticos e interactivos que crean hermosos recuerdos para toda la vida. Son eventos sociales en los que cultivamos, hacemos bricolaje, alimentamos y cuidamos a los animales y exploramos los peque\u00f1os secretos de la naturaleza que nos rodea. Recuerda que un d\u00eda al aire libre en plena naturaleza y en contacto con animales mansos es, como m\u00ednimo, un evento tan grande para nuestros peque\u00f1os como lo es para nosotros, los &#8220;mayores&#8221;, una noche en la discoteca, en un buen concierto o en una barbacoa con buenos amigos.<\/p>\n<\/div><\/div><\/div><\/div><\/div><\/div><\/div><\/section><section class=\"l-section wpb_row us_custom_37387e0f has_text_color height_small\"><div class=\"l-section-h i-cf\"><div class=\"g-cols vc_row via_flex valign_top type_default stacking_default\"><div class=\"vc_col-sm-12 wpb_column vc_column_container\"><div class=\"vc_column-inner\"><div class=\"wpb_wrapper\">[vc_custom_heading text=&#8221;Preguntas frecuentes&#8221; font_container=&#8221;tag:h2|text_align:center&#8221; use_theme_fonts=&#8221;yes&#8221; css=&#8221;%7B%22default%22%3A%7B%22color%22%3A%22%23ee2b53%22%2C%22font-family%22%3A%22h1%22%2C%22font-weight%22%3A%22700%22%2C%22font-size%22%3A%221.6em%22%7D%7D&#8221;]<div class=\"w-tabs us_custom_e30cb932 has_text_color style_default switch_click accordion\" style=\"--sections-title-size:inherit\"><div class=\"w-tabs-sections titles-align_none icon_chevron cpos_right\"><div class=\"w-tabs-section has_text_color\" id=\"u40c\" itemscope itemprop=\"mainEntity\" itemtype=\"https:\/\/schema.org\/Question\" style=\"color:#333333;\"><button class=\"w-tabs-section-header\" aria-controls=\"content-u40c\" aria-expanded=\"false\"><div class=\"w-tabs-section-title\" itemprop=\"name\">1. \u00bfC\u00f3mo puedo reservar un evento en Fresopolis?<\/div><div class=\"w-tabs-section-control\"><\/div><\/button><div  class=\"w-tabs-section-content\" id=\"content-u40c\" itemscope itemprop=\"acceptedAnswer\" itemtype=\"https:\/\/schema.org\/Answer\"><div class=\"w-tabs-section-content-h i-cf\" itemprop=\"text\"><div class=\"wpb_text_column\"><div class=\"wpb_wrapper\"><p>En nuestro calendario encontrar\u00e1s todos nuestros tours de animales, talleres, catas de vino, paseos en poni y dem\u00e1s eventos en Mallorca. Aqu\u00ed puedes consultar las fechas y horarios y reservar f\u00e1cilmente online. Reservar no es obligatorio pero recomendable, sobre todo si quieres venir el fin de semana, ya que las plazas son limitadas. As\u00ed te aseguras tener una plaza en la actividad deseada.<\/p>\n<\/div><\/div><\/div><\/div><\/div><div class=\"w-tabs-section has_text_color\" id=\"d5c4\" itemscope itemprop=\"mainEntity\" itemtype=\"https:\/\/schema.org\/Question\" style=\"color:#333333;\"><button class=\"w-tabs-section-header\" aria-controls=\"content-d5c4\" aria-expanded=\"false\"><div class=\"w-tabs-section-title\" itemprop=\"name\">2. \u00bfHay eventos especiales para grupos?<\/div><div class=\"w-tabs-section-control\"><\/div><\/button><div  class=\"w-tabs-section-content\" id=\"content-d5c4\" itemscope itemprop=\"acceptedAnswer\" itemtype=\"https:\/\/schema.org\/Answer\"><div class=\"w-tabs-section-content-h i-cf\" itemprop=\"text\"><div class=\"wpb_text_column\"><div class=\"wpb_wrapper\"><p>Si. Ofrecemos programas especiales para grupos a partir de 15 personas que desean pasar un cumplea\u00f1os infantil en nuestra granja. Este tipo de eventos se lleva a cabo en un marco privado y est\u00e1n adaptados a la edad de los ni\u00f1os participantes. De este modo, existe la posibilidad de reservar tours de animales y talleres exclusivamente para el grupo. Adem\u00e1s hay descuentos especiales para grupos a partir de 15 personas.<\/p>\n<p>Tambi\u00e9n invitamos a grupos escolares a pasar un d\u00eda divertido, emocionante y did\u00e1ctico en nuestra granja. Si eres profesor o educador, no dudes en enviarnos un correo a <a href=\"mailto:info@fresopolis-mallorca.com\">info@fresopolis-mallorca.com<\/a> y te daremos todos los detalles sobre este tipo de eventos.<\/p>\n<\/div><\/div><\/div><\/div><\/div><div class=\"w-tabs-section has_text_color\" id=\"p76e\" itemscope itemprop=\"mainEntity\" itemtype=\"https:\/\/schema.org\/Question\" style=\"color:#333333;\"><button class=\"w-tabs-section-header\" aria-controls=\"content-p76e\" aria-expanded=\"false\"><div class=\"w-tabs-section-title\" itemprop=\"name\">3. \u00bfQu\u00e9 tipo de eventos se ofrecen para adultos?<\/div><div class=\"w-tabs-section-control\"><\/div><\/button><div  class=\"w-tabs-section-content\" id=\"content-p76e\" itemscope itemprop=\"acceptedAnswer\" itemtype=\"https:\/\/schema.org\/Answer\"><div class=\"w-tabs-section-content-h i-cf\" itemprop=\"text\"><div class=\"wpb_text_column\"><div class=\"wpb_wrapper\"><p>Por supuesto, nuestras catas de vino est\u00e1n reservadas exclusivamente a los adultos amantes del vino que deseen conocer nuestros vinos de la isla durante una reuni\u00f3n de convivencia. Adem\u00e1s, nuestros talleres de hierbas y el taller \u201ctorre de patatas\u201d son otros eventos muy solicitados entre los adultos, aunque el concepto que hemos desarrollado para estos talleres atrae tanto a adultos como a ni\u00f1os de todas las edades. Seg\u00fan la temporada, tambi\u00e9n ofrecemos otros talleres y eventos de gran inter\u00e9s para adultos.<\/p>\n<\/div><\/div><\/div><\/div><\/div><div class=\"w-tabs-section has_text_color\" id=\"g8df\" itemscope itemprop=\"mainEntity\" itemtype=\"https:\/\/schema.org\/Question\" style=\"color:#333333;\"><button class=\"w-tabs-section-header\" aria-controls=\"content-g8df\" aria-expanded=\"false\"><div class=\"w-tabs-section-title\" itemprop=\"name\">4. \u00bfCu\u00e1l es la diferencia entre los talleres del programa \u2018Granjero\u2019 y los talleres externos?<\/div><div class=\"w-tabs-section-control\"><\/div><\/button><div  class=\"w-tabs-section-content\" id=\"content-g8df\" itemscope itemprop=\"acceptedAnswer\" itemtype=\"https:\/\/schema.org\/Answer\"><div class=\"w-tabs-section-content-h i-cf\" itemprop=\"text\"><div class=\"wpb_text_column\"><div class=\"wpb_wrapper\"><p>En el marco de nuestro programa \u2018Granjero\u2019, los ni\u00f1os de todas las edades tienen la posibilidad de elegir entre distintos talleres tem\u00e1ticos sobre animales y plantas. Adem\u00e1s, el precio del programa incluye una visita guiada por nuestra granja de animales. Los talleres externos se pueden reservar por separado y tienen lugar aparte del programa \u2018Granjero\u2019.<\/p>\n<\/div><\/div><\/div><\/div><\/div><div class=\"w-tabs-section has_text_color\" id=\"oa3d\" itemscope itemprop=\"mainEntity\" itemtype=\"https:\/\/schema.org\/Question\" style=\"color:#333333;\"><button class=\"w-tabs-section-header\" aria-controls=\"content-oa3d\" aria-expanded=\"false\"><div class=\"w-tabs-section-title\" itemprop=\"name\">5. \u00bfQu\u00e9 precio tienen los talleres externos?<\/div><div class=\"w-tabs-section-control\"><\/div><\/button><div  class=\"w-tabs-section-content\" id=\"content-oa3d\" itemscope itemprop=\"acceptedAnswer\" itemtype=\"https:\/\/schema.org\/Answer\"><div class=\"w-tabs-section-content-h i-cf\" itemprop=\"text\"><div class=\"wpb_text_column\"><div class=\"wpb_wrapper\"><p>El precio de los talleres externos puede variar y lo anunciamos en nuestro calendario online. A este precio aplicamos un 10 % de descuento para residentes de Mallorca.<\/p>\n<\/div><\/div><\/div><\/div><\/div><div class=\"w-tabs-section has_text_color\" id=\"qbf7\" itemscope itemprop=\"mainEntity\" itemtype=\"https:\/\/schema.org\/Question\" style=\"color:#333333;\"><button class=\"w-tabs-section-header\" aria-controls=\"content-qbf7\" aria-expanded=\"false\"><div class=\"w-tabs-section-title\" itemprop=\"name\">6. \u00bfA qu\u00e9 nos referimos si hablamos de \u2018talleres temporales\u2019?<\/div><div class=\"w-tabs-section-control\"><\/div><\/button><div  class=\"w-tabs-section-content\" id=\"content-qbf7\" itemscope itemprop=\"acceptedAnswer\" itemtype=\"https:\/\/schema.org\/Answer\"><div class=\"w-tabs-section-content-h i-cf\" itemprop=\"text\"><div class=\"wpb_text_column\"><div class=\"wpb_wrapper\"><p>Los talleres temporales son talleres que por su naturaleza s\u00f3lo tienen lugar durante una \u00e9poca determinada, ya que dependen de la \u00e9poca de cultivo y cosecha. Este tipo de eventos los anunciamos en Facebook, Instagram y en nuestros boletines de noticia. Adem\u00e1s, por supuesto, los encontrar\u00e1s en nuestro calendario online.<\/p>\n<\/div><\/div><\/div><\/div><\/div><div class=\"w-tabs-section has_text_color\" id=\"pd64\" itemscope itemprop=\"mainEntity\" itemtype=\"https:\/\/schema.org\/Question\" style=\"color:#333333;\"><button class=\"w-tabs-section-header\" aria-controls=\"content-pd64\" aria-expanded=\"false\"><div class=\"w-tabs-section-title\" itemprop=\"name\">7. \u00bfC\u00f3mo me puedo mantener al corriente de los eventos en Fresopolis?<\/div><div class=\"w-tabs-section-control\"><\/div><\/button><div  class=\"w-tabs-section-content\" id=\"content-pd64\" itemscope itemprop=\"acceptedAnswer\" itemtype=\"https:\/\/schema.org\/Answer\"><div class=\"w-tabs-section-content-h i-cf\" itemprop=\"text\"><div class=\"wpb_text_column\"><div class=\"wpb_wrapper\"><p>Si quieres estar informado con m\u00e1s antelaci\u00f3n sobre novedades como eventos especiales y talleres nuevos que incorporamos en nuestra oferta, te recomendamos suscribirte a nuestro bolet\u00edn de noticias. En ellos, adem\u00e1s, tambi\u00e9n anunciamos los nuevos productos, descuentos y promociones de nuestra tienda.<\/p>\n<\/div><\/div><\/div><\/div><\/div><\/div><\/div><\/div><\/div><\/div><\/div><\/div><\/section>\n","protected":false},"excerpt":{"rendered":"[vc_custom_heading text=\"Fresopolis Talleres &amp; Eventos En Mallorca\" font_container=\"tag:h1|text_align:center|color:%23ffffff\" use_theme_fonts=\"yes\" css=\"%7B%22default%22%3A%7B%22text-align%22%3A%22center%22%2C%22font-size%22%3A%222.4rem%22%7D%2C%22laptops%22%3A%7B%22text-align%22%3A%22inherit%22%7D%2C%22tablets%22%3A%7B%22text-align%22%3A%22left%22%2C%22font-size%22%3A%222.4rem%22%7D%2C%22mobiles%22%3A%7B%22text-align%22%3A%22center%22%2C%22font-size%22%3A%222.4rem%22%7D%7D\"][vc_custom_heading text=\"S\u00e1bados &amp; Domingos: visitas guiadas granja de animales. Mi\u00e9rcoles a viernes: solicitar disponibilidad\" font_container=\"tag:p|font_size:1.6rem|text_align:center|color:%23ee2b53\" use_theme_fonts=\"yes\" css=\"%7B%22default%22%3A%7B%22color%22%3A%22%23ee2b53%22%2C%22text-align%22%3A%22center%22%2C%22font-size%22%3A%221.4rem%22%2C%22font-family%22%3A%22h1%22%2C%22font-weight%22%3A%22700%22%7D%7D\"] [vc_custom_heading text=\"Talleres y eventos de Fresopolis en Mallorca\" font_container=\"tag:h2|text_align:center|color:%23ffffff\" use_theme_fonts=\"yes\" css=\"%7B%22default%22%3A%7B%22color%22%3A%22%23ffffff%22%2C%22text-align%22%3A%22center%22%2C%22font-family%22%3A%22h1%22%2C%22font-weight%22%3A%22600%22%2C%22font-size%22%3A%221.6rem%22%7D%2C%22laptops%22%3A%7B%22text-align%22%3A%22inherit%22%7D%2C%22tablets%22%3A%7B%22text-align%22%3A%22left%22%2C%22font-size%22%3A%222.4rem%22%7D%2C%22mobiles%22%3A%7B%22text-align%22%3A%22center%22%2C%22font-size%22%3A%222.4rem%22%7D%7D\"]La visita a nuestra granja escuela ya es un evento en s\u00ed mismo. Los programas que ofrecemos comprenden una...","protected":false},"author":50,"featured_media":0,"parent":0,"menu_order":0,"comment_status":"closed","ping_status":"closed","template":"","meta":{"inline_featured_image":false,"footnotes":""},"class_list":["post-18532","page","type-page","status-publish","hentry"],"yoast_head":"<!-- This site is optimized with the Yoast SEO plugin v27.5 - https:\/\/yoast.com\/product\/yoast-seo-wordpress\/ -->\n<title>Divertidos eventos en Mallorca para familias<\/title>\n<meta name=\"description\" content=\"Talleres infantiles, acariciar y alimentar animales, paseos en poni, campos de fresa y tienda con productos frescos del campo. Planea tu evento en Mallorca.\" \/>\n<meta name=\"robots\" content=\"index, follow, max-snippet:-1, max-image-preview:large, max-video-preview:-1\" \/>\n<link rel=\"canonical\" href=\"https:\/\/www.fresopolis-mallorca.com\/es\/eventos-en-mallorca\/\" \/>\n<meta property=\"og:locale\" content=\"es_ES\" \/>\n<meta property=\"og:type\" content=\"article\" \/>\n<meta property=\"og:title\" content=\"Divertidos eventos en Mallorca para familias\" \/>\n<meta property=\"og:description\" content=\"Talleres infantiles, acariciar y alimentar animales, paseos en poni, campos de fresa y tienda con productos frescos del campo. Planea tu evento en Mallorca.\" \/>\n<meta property=\"og:url\" content=\"https:\/\/www.fresopolis-mallorca.com\/es\/eventos-en-mallorca\/\" \/>\n<meta property=\"og:site_name\" content=\"Fresopolis Mallorca\" \/>\n<meta property=\"article:publisher\" content=\"https:\/\/www.facebook.com\/Fresopolis.Mallorca\" \/>\n<meta property=\"article:modified_time\" content=\"2023-06-28T13:05:08+00:00\" \/>\n<meta name=\"twitter:card\" content=\"summary_large_image\" \/>\n<meta name=\"twitter:label1\" content=\"Tiempo de lectura\" \/>\n\t<meta name=\"twitter:data1\" content=\"5 minutos\" \/>\n<script type=\"application\/ld+json\" class=\"yoast-schema-graph\">{\"@context\":\"https:\\\/\\\/schema.org\",\"@graph\":[{\"@type\":\"WebPage\",\"@id\":\"https:\\\/\\\/www.fresopolis-mallorca.com\\\/es\\\/eventos-en-mallorca\\\/\",\"url\":\"https:\\\/\\\/www.fresopolis-mallorca.com\\\/es\\\/eventos-en-mallorca\\\/\",\"name\":\"Divertidos eventos en Mallorca para familias\",\"isPartOf\":{\"@id\":\"https:\\\/\\\/www.fresopolis-mallorca.com\\\/es\\\/#website\"},\"datePublished\":\"2021-12-20T04:16:38+00:00\",\"dateModified\":\"2023-06-28T13:05:08+00:00\",\"description\":\"Talleres infantiles, acariciar y alimentar animales, paseos en poni, campos de fresa y tienda con productos frescos del campo. Planea tu evento en Mallorca.\",\"breadcrumb\":{\"@id\":\"https:\\\/\\\/www.fresopolis-mallorca.com\\\/es\\\/eventos-en-mallorca\\\/#breadcrumb\"},\"inLanguage\":\"es\",\"potentialAction\":[{\"@type\":\"ReadAction\",\"target\":[\"https:\\\/\\\/www.fresopolis-mallorca.com\\\/es\\\/eventos-en-mallorca\\\/\"]}]},{\"@type\":\"BreadcrumbList\",\"@id\":\"https:\\\/\\\/www.fresopolis-mallorca.com\\\/es\\\/eventos-en-mallorca\\\/#breadcrumb\",\"itemListElement\":[{\"@type\":\"ListItem\",\"position\":1,\"name\":\"Home\",\"item\":\"https:\\\/\\\/www.fresopolis-mallorca.com\\\/es\\\/\"},{\"@type\":\"ListItem\",\"position\":2,\"name\":\"Event Calendario\"}]},{\"@type\":\"WebSite\",\"@id\":\"https:\\\/\\\/www.fresopolis-mallorca.com\\\/es\\\/#website\",\"url\":\"https:\\\/\\\/www.fresopolis-mallorca.com\\\/es\\\/\",\"name\":\"Fresopolis Mallorca\",\"description\":\"Our unique children\u2019s farm for families on Mallorca\",\"publisher\":{\"@id\":\"https:\\\/\\\/www.fresopolis-mallorca.com\\\/es\\\/#organization\"},\"potentialAction\":[{\"@type\":\"SearchAction\",\"target\":{\"@type\":\"EntryPoint\",\"urlTemplate\":\"https:\\\/\\\/www.fresopolis-mallorca.com\\\/es\\\/?s={search_term_string}\"},\"query-input\":{\"@type\":\"PropertyValueSpecification\",\"valueRequired\":true,\"valueName\":\"search_term_string\"}}],\"inLanguage\":\"es\"},{\"@type\":\"Organization\",\"@id\":\"https:\\\/\\\/www.fresopolis-mallorca.com\\\/es\\\/#organization\",\"name\":\"Fresopolis Mallorca\",\"url\":\"https:\\\/\\\/www.fresopolis-mallorca.com\\\/es\\\/\",\"logo\":{\"@type\":\"ImageObject\",\"inLanguage\":\"es\",\"@id\":\"https:\\\/\\\/www.fresopolis-mallorca.com\\\/es\\\/#\\\/schema\\\/logo\\\/image\\\/\",\"url\":\"https:\\\/\\\/www.fresopolis-mallorca.com\\\/wp-content\\\/uploads\\\/2022\\\/04\\\/Fresopolis-Mallorca-Family-Farm.jpg\",\"contentUrl\":\"https:\\\/\\\/www.fresopolis-mallorca.com\\\/wp-content\\\/uploads\\\/2022\\\/04\\\/Fresopolis-Mallorca-Family-Farm.jpg\",\"width\":784,\"height\":784,\"caption\":\"Fresopolis Mallorca\"},\"image\":{\"@id\":\"https:\\\/\\\/www.fresopolis-mallorca.com\\\/es\\\/#\\\/schema\\\/logo\\\/image\\\/\"},\"sameAs\":[\"https:\\\/\\\/www.facebook.com\\\/Fresopolis.Mallorca\",\"https:\\\/\\\/www.instagram.com\\\/fresopolis.mallorca\\\/\",\"https:\\\/\\\/www.youtube.com\\\/channel\\\/UCu9D6GxBDXUImkm7dihPyvg\"]}]}<\/script>\n<!-- \/ Yoast SEO plugin. -->","yoast_head_json":{"title":"Divertidos eventos en Mallorca para familias","description":"Talleres infantiles, acariciar y alimentar animales, paseos en poni, campos de fresa y tienda con productos frescos del campo. Planea tu evento en Mallorca.","robots":{"index":"index","follow":"follow","max-snippet":"max-snippet:-1","max-image-preview":"max-image-preview:large","max-video-preview":"max-video-preview:-1"},"canonical":"https:\/\/www.fresopolis-mallorca.com\/es\/eventos-en-mallorca\/","og_locale":"es_ES","og_type":"article","og_title":"Divertidos eventos en Mallorca para familias","og_description":"Talleres infantiles, acariciar y alimentar animales, paseos en poni, campos de fresa y tienda con productos frescos del campo. Planea tu evento en Mallorca.","og_url":"https:\/\/www.fresopolis-mallorca.com\/es\/eventos-en-mallorca\/","og_site_name":"Fresopolis Mallorca","article_publisher":"https:\/\/www.facebook.com\/Fresopolis.Mallorca","article_modified_time":"2023-06-28T13:05:08+00:00","twitter_card":"summary_large_image","twitter_misc":{"Tiempo de lectura":"5 minutos"},"schema":{"@context":"https:\/\/schema.org","@graph":[{"@type":"WebPage","@id":"https:\/\/www.fresopolis-mallorca.com\/es\/eventos-en-mallorca\/","url":"https:\/\/www.fresopolis-mallorca.com\/es\/eventos-en-mallorca\/","name":"Divertidos eventos en Mallorca para familias","isPartOf":{"@id":"https:\/\/www.fresopolis-mallorca.com\/es\/#website"},"datePublished":"2021-12-20T04:16:38+00:00","dateModified":"2023-06-28T13:05:08+00:00","description":"Talleres infantiles, acariciar y alimentar animales, paseos en poni, campos de fresa y tienda con productos frescos del campo. Planea tu evento en Mallorca.","breadcrumb":{"@id":"https:\/\/www.fresopolis-mallorca.com\/es\/eventos-en-mallorca\/#breadcrumb"},"inLanguage":"es","potentialAction":[{"@type":"ReadAction","target":["https:\/\/www.fresopolis-mallorca.com\/es\/eventos-en-mallorca\/"]}]},{"@type":"BreadcrumbList","@id":"https:\/\/www.fresopolis-mallorca.com\/es\/eventos-en-mallorca\/#breadcrumb","itemListElement":[{"@type":"ListItem","position":1,"name":"Home","item":"https:\/\/www.fresopolis-mallorca.com\/es\/"},{"@type":"ListItem","position":2,"name":"Event Calendario"}]},{"@type":"WebSite","@id":"https:\/\/www.fresopolis-mallorca.com\/es\/#website","url":"https:\/\/www.fresopolis-mallorca.com\/es\/","name":"Fresopolis Mallorca","description":"Our unique children\u2019s farm for families on Mallorca","publisher":{"@id":"https:\/\/www.fresopolis-mallorca.com\/es\/#organization"},"potentialAction":[{"@type":"SearchAction","target":{"@type":"EntryPoint","urlTemplate":"https:\/\/www.fresopolis-mallorca.com\/es\/?s={search_term_string}"},"query-input":{"@type":"PropertyValueSpecification","valueRequired":true,"valueName":"search_term_string"}}],"inLanguage":"es"},{"@type":"Organization","@id":"https:\/\/www.fresopolis-mallorca.com\/es\/#organization","name":"Fresopolis Mallorca","url":"https:\/\/www.fresopolis-mallorca.com\/es\/","logo":{"@type":"ImageObject","inLanguage":"es","@id":"https:\/\/www.fresopolis-mallorca.com\/es\/#\/schema\/logo\/image\/","url":"https:\/\/www.fresopolis-mallorca.com\/wp-content\/uploads\/2022\/04\/Fresopolis-Mallorca-Family-Farm.jpg","contentUrl":"https:\/\/www.fresopolis-mallorca.com\/wp-content\/uploads\/2022\/04\/Fresopolis-Mallorca-Family-Farm.jpg","width":784,"height":784,"caption":"Fresopolis Mallorca"},"image":{"@id":"https:\/\/www.fresopolis-mallorca.com\/es\/#\/schema\/logo\/image\/"},"sameAs":["https:\/\/www.facebook.com\/Fresopolis.Mallorca","https:\/\/www.instagram.com\/fresopolis.mallorca\/","https:\/\/www.youtube.com\/channel\/UCu9D6GxBDXUImkm7dihPyvg"]}]}},"_links":{"self":[{"href":"https:\/\/www.fresopolis-mallorca.com\/es\/wp-json\/wp\/v2\/pages\/18532","targetHints":{"allow":["GET"]}}],"collection":[{"href":"https:\/\/www.fresopolis-mallorca.com\/es\/wp-json\/wp\/v2\/pages"}],"about":[{"href":"https:\/\/www.fresopolis-mallorca.com\/es\/wp-json\/wp\/v2\/types\/page"}],"author":[{"embeddable":true,"href":"https:\/\/www.fresopolis-mallorca.com\/es\/wp-json\/wp\/v2\/users\/50"}],"replies":[{"embeddable":true,"href":"https:\/\/www.fresopolis-mallorca.com\/es\/wp-json\/wp\/v2\/comments?post=18532"}],"version-history":[{"count":0,"href":"https:\/\/www.fresopolis-mallorca.com\/es\/wp-json\/wp\/v2\/pages\/18532\/revisions"}],"wp:attachment":[{"href":"https:\/\/www.fresopolis-mallorca.com\/es\/wp-json\/wp\/v2\/media?parent=18532"}],"curies":[{"name":"wp","href":"https:\/\/api.w.org\/{rel}","templated":true}]}}